{"id":728,"date":"2024-07-30T15:38:27","date_gmt":"2024-07-30T18:38:27","guid":{"rendered":"https:\/\/agroznegocios.com.br\/?page_id=728"},"modified":"2024-07-30T18:23:24","modified_gmt":"2024-07-30T21:23:24","slug":"conteudo","status":"publish","type":"page","link":"https:\/\/agroznegocios.com.br\/index.php\/conteudo\/","title":{"rendered":"Conte\u00fado"},"content":{"rendered":"\t\t<div data-elementor-type=\"wp-page\" data-elementor-id=\"728\" class=\"elementor elementor-728\" data-elementor-post-type=\"page\">\n\t\t\t\t<div class=\"elementor-element elementor-element-08b9b86 e-flex e-con-boxed e-con e-parent\" data-id=\"08b9b86\" data-element_type=\"container\" data-settings=\"{&quot;background_background&quot;:&quot;classic&quot;,&quot;_ha_eqh_enable&quot;:false}\" data-core-v316-plus=\"true\">\n\t\t\t\t\t<div class=\"e-con-inner\">\n\t\t<div class=\"elementor-element elementor-element-aec1fc6 e-con-full e-flex e-con e-child\" data-id=\"aec1fc6\" data-element_type=\"container\" data-settings=\"{&quot;_ha_eqh_enable&quot;:false}\">\n\t\t\t\t<div class=\"elementor-element elementor-element-de21b14 elementor-widget elementor-widget-heading\" data-id=\"de21b14\" data-element_type=\"widget\" data-widget_type=\"heading.default\">\n\t\t\t\t<div class=\"elementor-widget-container\">\n\t\t\t<style>\/*! elementor - v3.20.0 - 26-03-2024 *\/\n.elementor-heading-title{padding:0;margin:0;line-height:1}.elementor-widget-heading .elementor-heading-title[class*=elementor-size-]>a{color:inherit;font-size:inherit;line-height:inherit}.elementor-widget-heading .elementor-heading-title.elementor-size-small{font-size:15px}.elementor-widget-heading .elementor-heading-title.elementor-size-medium{font-size:19px}.elementor-widget-heading .elementor-heading-title.elementor-size-large{font-size:29px}.elementor-widget-heading .elementor-heading-title.elementor-size-xl{font-size:39px}.elementor-widget-heading .elementor-heading-title.elementor-size-xxl{font-size:59px}<\/style><h1 class=\"elementor-heading-title elementor-size-default\"><span class=\"degradeanimado\"><b>Acompanhe<\/b><\/span> nossos artigos <span class=\"degradeanimado\"><b> <\/b><\/span><\/h1>\t\t<\/div>\n\t\t\t\t<\/div>\n\t\t\t\t<div class=\"elementor-element elementor-element-6ee41bc elementor-widget-mobile__width-initial elementor-widget__width-initial elementor-widget elementor-widget-text-editor\" data-id=\"6ee41bc\" data-element_type=\"widget\" data-widget_type=\"text-editor.default\">\n\t\t\t\t<div class=\"elementor-widget-container\">\n\t\t\t<style>\/*! elementor - v3.20.0 - 26-03-2024 *\/\n.elementor-widget-text-editor.elementor-drop-cap-view-stacked .elementor-drop-cap{background-color:#69727d;color:#fff}.elementor-widget-text-editor.elementor-drop-cap-view-framed .elementor-drop-cap{color:#69727d;border:3px solid;background-color:transparent}.elementor-widget-text-editor:not(.elementor-drop-cap-view-default) .elementor-drop-cap{margin-top:8px}.elementor-widget-text-editor:not(.elementor-drop-cap-view-default) .elementor-drop-cap-letter{width:1em;height:1em}.elementor-widget-text-editor .elementor-drop-cap{float:left;text-align:center;line-height:1;font-size:50px}.elementor-widget-text-editor .elementor-drop-cap-letter{display:inline-block}<\/style>\t\t\t\t<p>Acreditamos que quanto mais compartilharmos<br \/>nosso conhecimento, maior ser\u00e1 o nosso crescimento.<\/p>\t\t\t\t\t\t<\/div>\n\t\t\t\t<\/div>\n\t\t\t\t<div class=\"elementor-element elementor-element-7e6da86 elementor-hidden-mobile_extra elementor-hidden-mobile elementor-widget elementor-widget-html\" data-id=\"7e6da86\" data-element_type=\"widget\" data-widget_type=\"html.default\">\n\t\t\t\t<div class=\"elementor-widget-container\">\n\t\t\t<a style=\"--clr: #7808d0\" class=\"button\" href=\"#\">\n<span class=\"button__icon-wrapper\">\n<svg width=\"10\" class=\"button__icon-svg\" xmlns=\"http:\/\/www.w3.org\/2000\/svg \" fill=\"none\" viewBox=\"0 0 14 15\">\n<path fill=\"currentColor\" d=\"M13.376 11.552l-.264-10.44-10.44-.24.024 2.28 6.96-.048L.2 12.56l1.488 1.488 9.432-9.432-.048 6.912 2.304.024z\"><\/path>\n<\/svg>\n\n            <svg class=\"button__icon-svg  button__icon-svg--copy\" xmlns=\"<http:\/\/www.w3.org\/2000\/svg>\" width=\"10\" fill=\"none\" viewBox=\"0 0 14 15\">\n                <path fill=\"currentColor\" d=\"M13.376 11.552l-.264-10.44-10.44-.24.024 2.28 6.96-.048L.2 12.56l1.488 1.488 9.432-9.432-.048 6.912 2.304.024z\"><\/path>\n            <\/svg>\n        <\/span>\n        Potencializar minha produtividade!\n    <\/a>\t\t<\/div>\n\t\t\t\t<\/div>\n\t\t\t\t<div class=\"elementor-element elementor-element-2d97847 elementor-icon-list--layout-inline elementor-align-left elementor-mobile-align-center elementor-widget-mobile__width-inherit elementor-list-item-link-full_width elementor-widget elementor-widget-icon-list\" data-id=\"2d97847\" data-element_type=\"widget\" data-widget_type=\"icon-list.default\">\n\t\t\t\t<div class=\"elementor-widget-container\">\n\t\t\t<link rel=\"stylesheet\" href=\"https:\/\/agroznegocios.com.br\/wp-content\/plugins\/elementor\/assets\/css\/widget-icon-list.min.css\">\t\t<ul class=\"elementor-icon-list-items elementor-inline-items\">\n\t\t\t\t\t\t\t<li class=\"elementor-icon-list-item elementor-inline-item\">\n\t\t\t\t\t\t\t\t\t\t\t<span class=\"elementor-icon-list-icon\">\n\t\t\t\t\t\t\t<svg xmlns=\"http:\/\/www.w3.org\/2000\/svg\" id=\"Layer_1\" data-name=\"Layer 1\" viewBox=\"0 0 24 24\"><path d=\"m10.5,23h-6c-1.93,0-3.5-1.57-3.5-3.5v-7c0-1.93,1.57-3.5,3.5-3.5h10c.615,0,1.22.162,1.75.468.239.139.545.056.683-.182.139-.239.057-.545-.182-.683-.239-.138-.492-.244-.75-.336v-1.767c0-3.584-2.916-6.5-6.5-6.5S3,2.916,3,6.5v1.776c-1.742.621-3,2.271-3,4.224v7c0,2.481,2.019,4.5,4.5,4.5h6c.276,0,.5-.224.5-.5s-.224-.5-.5-.5ZM4,6.5c0-3.033,2.467-5.5,5.5-5.5s5.5,2.467,5.5,5.5v1.533c-.166-.018-.332-.033-.5-.033H4.5c-.171,0-.334.032-.5.051v-1.551Zm5.5,8.5c.276,0,.5.224.5.5v2c0,.276-.224.5-.5.5s-.5-.224-.5-.5v-2c0-.276.224-.5.5-.5Zm8-4c-3.584,0-6.5,2.916-6.5,6.5s2.916,6.5,6.5,6.5,6.5-2.916,6.5-6.5-2.916-6.5-6.5-6.5Zm0,12c-3.033,0-5.5-2.468-5.5-5.5s2.467-5.5,5.5-5.5,5.5,2.468,5.5,5.5-2.467,5.5-5.5,5.5Zm3.35-6.857c.192.198.187.515-.012.707l-2.703,2.614c-.36.355-.835.533-1.311.533s-.949-.177-1.312-.531l-1.364-1.347c-.197-.193-.199-.51-.005-.707.194-.195.511-.198.707-.004l1.363,1.345c.337.33.886.326,1.223-.004l2.706-2.618c.2-.191.516-.187.707.012Z\"><\/path><\/svg>\t\t\t\t\t\t<\/span>\n\t\t\t\t\t\t\t\t\t\t<span class=\"elementor-icon-list-text\">100% Seguro<\/span>\n\t\t\t\t\t\t\t\t\t<\/li>\n\t\t\t\t\t\t\t\t<li class=\"elementor-icon-list-item elementor-inline-item\">\n\t\t\t\t\t\t\t\t\t\t\t<span class=\"elementor-icon-list-icon\">\n\t\t\t\t\t\t\t<svg xmlns=\"http:\/\/www.w3.org\/2000\/svg\" id=\"Layer_1\" data-name=\"Layer 1\" viewBox=\"0 0 24 24\"><path d=\"m16.856,7.851l-4.415,4.481c-.444.444-1.027.667-1.61.667s-1.163-.221-1.606-.664l-2.422-2.485c-.193-.198-.189-.515.009-.707.198-.192.515-.189.707.009l2.417,2.481c.492.491,1.299.492,1.795-.004l4.412-4.479c.193-.197.51-.2.707-.005.197.193.199.51.005.707Zm7.023,12.188c-.246.594-.798.963-1.442.963h-1.439v1.435c0,.644-.37,1.197-.964,1.442-.199.083-.404.123-.606.123-.402,0-.792-.159-1.095-.463l-4.297-4.305c-.165.138-.334.273-.53.381-.468.259-.993.389-1.518.389s-1.05-.13-1.518-.389c-.191-.106-.355-.238-.517-.372l-4.288,4.296c-.302.304-.692.463-1.095.463-.202,0-.407-.04-.606-.122-.595-.246-.965-.799-.965-1.443v-1.435h-1.439c-.643,0-1.195-.369-1.441-.963-.247-.594-.117-1.246.338-1.701l3.55-3.55c.001-.231.014-.461.065-.687.12-.526-.121-1.087-.6-1.396-.449-.289-.813-.683-1.084-1.171-.255-.461-.388-.991-.385-1.534-.003-.537.13-1.066.385-1.527.271-.489.636-.883,1.084-1.172.479-.309.72-.87.6-1.396-.121-.534-.103-1.082.055-1.63.295-1.028,1.118-1.851,2.147-2.146.548-.157,1.095-.175,1.628-.055.525.121,1.087-.122,1.397-.6.289-.448.683-.812,1.171-1.083.938-.519,2.1-.519,3.037,0,.488.271.882.635,1.171,1.083.309.479.872.72,1.397.6.532-.121,1.08-.103,1.627.055,1.029.295,1.852,1.118,2.147,2.146.158.548.176,1.096.055,1.629-.12.526.121,1.087.6,1.396.449.289.813.683,1.084,1.171h0c.255.46.388.99.386,1.532.002.539-.131,1.068-.386,1.528-.271.489-.636.883-1.084,1.172-.479.309-.72.87-.6,1.396.049.218.06.44.063.662l3.575,3.575c.455.455.584,1.106.338,1.701Zm-14.604-1.533c-.312-.459-.862-.692-1.375-.575-.532.121-1.08.103-1.627-.055-.943-.27-1.691-.993-2.041-1.901l-3.07,3.07c-.246.246-.155.53-.122.611.034.081.17.346.518.346h1.939c.276,0,.5.224.5.5v1.935c0,.348.265.485.347.519.081.033.365.124.611-.123l4.319-4.327Zm4.561-.517c.537-.831,1.525-1.243,2.458-1.033.367.084.748.069,1.131-.04.69-.198,1.264-.771,1.461-1.461.11-.385.124-.766.041-1.132-.212-.935.203-1.922,1.033-2.458.309-.199.562-.474.751-.817.172-.311.262-.671.261-1.043.001-.376-.088-.736-.261-1.047-.19-.342-.443-.617-.751-.816-.831-.536-1.246-1.524-1.033-2.458.083-.367.07-.748-.041-1.132-.198-.69-.771-1.264-1.461-1.461-.383-.11-.763-.125-1.131-.04-.931.209-1.922-.203-2.458-1.033-.199-.309-.474-.562-.816-.751-.627-.349-1.439-.348-2.066,0-.342.189-.617.442-.815.751-.537.831-1.525,1.243-2.458,1.033-.367-.084-.748-.07-1.131.04-.69.198-1.264.771-1.461,1.461-.11.385-.124.766-.041,1.132.212.935-.203,1.922-1.033,2.458-.309.199-.562.474-.751.817-.172.311-.262.671-.26,1.042-.002.377.088.738.26,1.049.19.342.443.617.751.816.831.536,1.246,1.524,1.033,2.458-.083.367-.069.748.041,1.132.198.69.771,1.264,1.461,1.461.383.109.763.125,1.131.04.163-.037.327-.055.491-.055.774,0,1.525.402,1.968,1.087.199.309.474.562.816.751.626.349,1.438.348,2.066,0,.343-.19.617-.443.816-.751Zm8.998,1.056l-3.085-3.085c-.346.916-1.099,1.645-2.048,1.917-.547.157-1.095.175-1.628.055-.512-.118-1.05.112-1.364.562l4.331,4.339c.247.247.53.156.611.123.082-.034.347-.17.347-.519v-1.935c0-.276.224-.5.5-.5h1.939c.348,0,.484-.265.518-.346.034-.081.125-.365-.122-.611Z\"><\/path><\/svg>\t\t\t\t\t\t<\/span>\n\t\t\t\t\t\t\t\t\t\t<span class=\"elementor-icon-list-text\">Embasamento cient\u00edfico<\/span>\n\t\t\t\t\t\t\t\t\t<\/li>\n\t\t\t\t\t\t<\/ul>\n\t\t\t\t<\/div>\n\t\t\t\t<\/div>\n\t\t\t\t<\/div>\n\t\t<div class=\"elementor-element elementor-element-69e3347 e-con-full elementor-hidden-tablet elementor-hidden-mobile e-flex e-con e-child\" data-id=\"69e3347\" data-element_type=\"container\" data-settings=\"{&quot;_ha_eqh_enable&quot;:false}\">\n\t\t\t\t<\/div>\n\t\t\t\t\t<\/div>\n\t\t\t\t<\/div>\n\t\t<div class=\"elementor-element elementor-element-d014104 e-flex e-con-boxed e-con e-parent\" data-id=\"d014104\" data-element_type=\"container\" data-settings=\"{&quot;background_background&quot;:&quot;classic&quot;,&quot;_ha_eqh_enable&quot;:false}\" data-core-v316-plus=\"true\">\n\t\t\t\t\t<div class=\"e-con-inner\">\n\t\t\t\t<div class=\"elementor-element elementor-element-0e51457 elementor-widget elementor-widget-ha-post-tiles happy-addon ha-post-tiles happy-addon-pro\" data-id=\"0e51457\" data-element_type=\"widget\" data-widget_type=\"ha-post-tiles.default\">\n\t\t\t\t<div class=\"elementor-widget-container\">\n\t\t\t\n\t\t\t<div class=\"ha-tiles ha-tiles--1 ha-tiles--4by2\">\n\n\t\t\t\t\t\t\t\t\t<article class=\"ha-tiles__tile ha-tiles__tile--lg\">\n\t\t\t\t\t\t<div class=\"ha-tiles__tile-content\">\n\t\t\t\t\t\t\t\t\t<div class=\"ha-tiles__tile-meta\">\n\t\t\t\t<span class=\"ha-tiles__tile-author\">\n\t\t\t\t\t\tAmanda Soares\t\t<\/span>\n\t\t\t\t<span class=\"ha-tiles__tile-date\">\n\t\t\t\t\t\t09\/09\/2025\t\t<\/span>\n\t\t\t\t<\/div>\n\t\t\t\t\t\t\t\t\t<h2 class=\"ha-tiles__tile-title\"><a href=\"https:\/\/agroznegocios.com.br\/index.php\/2025\/09\/09\/agro-puxa-alta-do-pib-no-2o-trimestre-de-2025\/\" rel=\"bookmark\">Agro puxa alta do PIB no 2\u00ba trimestre de 2025<\/a><\/h2>\n\t\t\t\t\t\t\t<p class=\"ha-tiles__tile-excerpt\">O agroneg\u00f3cio brasileiro registrou crescimento de 10,1% no segundo trimestre de 2025 em rela\u00e7\u00e3o ao&hellip;<\/p>\n\t\t\t\t\t\t<\/div>\n\n\t\t\t\t\t\t<a href=\"https:\/\/agroznegocios.com.br\/index.php\/category\/blog\/\" rel=\"tag\" class=\"ha-tiles__tile-tag\">Blog<\/a><img fetchpriority=\"high\" decoding=\"async\" width=\"800\" height=\"437\" src=\"https:\/\/agroznegocios.com.br\/wp-content\/uploads\/2025\/09\/Gemini_Generated_Image_z6kjhoz6kjhoz6kj-1024x559.png\" class=\"ha-tiles__tile-img wp-post-image\" alt=\"Infogr\u00e1fico do agroneg\u00f3cio brasileiro 2025 mostrando crescimento de 10,1% e impacto de +2,2% no PIB nacional, ilustrado com trator e drone em lavoura tecnol\u00f3gica.\" srcset=\"https:\/\/agroznegocios.com.br\/wp-content\/uploads\/2025\/09\/Gemini_Generated_Image_z6kjhoz6kjhoz6kj-1024x559.png 1024w, https:\/\/agroznegocios.com.br\/wp-content\/uploads\/2025\/09\/Gemini_Generated_Image_z6kjhoz6kjhoz6kj-300x164.png 300w, https:\/\/agroznegocios.com.br\/wp-content\/uploads\/2025\/09\/Gemini_Generated_Image_z6kjhoz6kjhoz6kj-768x419.png 768w, https:\/\/agroznegocios.com.br\/wp-content\/uploads\/2025\/09\/Gemini_Generated_Image_z6kjhoz6kjhoz6kj-1536x838.png 1536w, https:\/\/agroznegocios.com.br\/wp-content\/uploads\/2025\/09\/Gemini_Generated_Image_z6kjhoz6kjhoz6kj-2048x1117.png 2048w\" sizes=\"(max-width: 800px) 100vw, 800px\" \/>\t\t\t\t\t<\/article>\n\n\t\t\t\t\t\t\t\t\t<article class=\"ha-tiles__tile ha-tiles__tile--sm\">\n\t\t\t\t\t\t<div class=\"ha-tiles__tile-content\">\n\t\t\t\t\t\t\t\t\t<div class=\"ha-tiles__tile-meta\">\n\t\t\t\t<span class=\"ha-tiles__tile-author\">\n\t\t\t\t\t\tAmanda Soares\t\t<\/span>\n\t\t\t\t<span class=\"ha-tiles__tile-date\">\n\t\t\t\t\t\t27\/08\/2025\t\t<\/span>\n\t\t\t\t<\/div>\n\t\t\t\t\t\t\t\t\t<h2 class=\"ha-tiles__tile-title\"><a href=\"https:\/\/agroznegocios.com.br\/index.php\/2025\/08\/27\/india-antecipa-meta-e-atinge-20-de-mistura-de-etanol-na-gasolina-em-2025-fortalecendo-o-agro-e-a-transicao-energetica\/\" rel=\"bookmark\">\u00cdndia antecipa meta e atinge 20% de mistura de etanol na gasolina em 2025, fortalecendo o agro e a transi\u00e7\u00e3o energ\u00e9tica<\/a><\/h2>\n\t\t\t\t\t\t\t<p class=\"ha-tiles__tile-excerpt\">A \u00cdndia atingiu em 2025 a meta de 20% de mistura de etanol na gasolina&hellip;<\/p>\n\t\t\t\t\t\t<\/div>\n\n\t\t\t\t\t\t<a href=\"https:\/\/agroznegocios.com.br\/index.php\/category\/blog\/\" rel=\"tag\" class=\"ha-tiles__tile-tag\">Blog<\/a><img decoding=\"async\" width=\"800\" height=\"437\" src=\"https:\/\/agroznegocios.com.br\/wp-content\/uploads\/2025\/08\/Gemini_Generated_Image_79lduf79lduf79ld-1024x559.png\" class=\"ha-tiles__tile-img wp-post-image\" alt=\"Infogr\u00e1fico: \u00cdndia atinge a meta de 20% de mistura de etanol (E20) na gasolina em 2025, cinco anos antes do prazo. Gr\u00e1fico mostra crescimento de 1,5% em 2014 para 20%, com \u00edcones de milho e cana-de-a\u00e7\u00facar como fontes.\" srcset=\"https:\/\/agroznegocios.com.br\/wp-content\/uploads\/2025\/08\/Gemini_Generated_Image_79lduf79lduf79ld-1024x559.png 1024w, https:\/\/agroznegocios.com.br\/wp-content\/uploads\/2025\/08\/Gemini_Generated_Image_79lduf79lduf79ld-300x164.png 300w, https:\/\/agroznegocios.com.br\/wp-content\/uploads\/2025\/08\/Gemini_Generated_Image_79lduf79lduf79ld-768x419.png 768w, https:\/\/agroznegocios.com.br\/wp-content\/uploads\/2025\/08\/Gemini_Generated_Image_79lduf79lduf79ld-1536x838.png 1536w, https:\/\/agroznegocios.com.br\/wp-content\/uploads\/2025\/08\/Gemini_Generated_Image_79lduf79lduf79ld-2048x1117.png 2048w\" sizes=\"(max-width: 800px) 100vw, 800px\" \/>\t\t\t\t\t<\/article>\n\n\t\t\t\t\t\t\t\t\t<article class=\"ha-tiles__tile ha-tiles__tile--sm\">\n\t\t\t\t\t\t<div class=\"ha-tiles__tile-content\">\n\t\t\t\t\t\t\t\t\t<div class=\"ha-tiles__tile-meta\">\n\t\t\t\t<span class=\"ha-tiles__tile-author\">\n\t\t\t\t\t\tAmanda Soares\t\t<\/span>\n\t\t\t\t<span class=\"ha-tiles__tile-date\">\n\t\t\t\t\t\t15\/08\/2025\t\t<\/span>\n\t\t\t\t<\/div>\n\t\t\t\t\t\t\t\t\t<h2 class=\"ha-tiles__tile-title\"><a href=\"https:\/\/agroznegocios.com.br\/index.php\/2025\/08\/15\/drones-agricolas-tecnologia-estrategica-que-transforma-a-producao-no-campo\/\" rel=\"bookmark\">Drones agr\u00edcolas: tecnologia estrat\u00e9gica que transforma a produ\u00e7\u00e3o no campo<\/a><\/h2>\n\t\t\t\t\t\t\t<p class=\"ha-tiles__tile-excerpt\">O uso de drones agr\u00edcolas no Brasil deixou de ser apenas uma promessa e se&hellip;<\/p>\n\t\t\t\t\t\t<\/div>\n\n\t\t\t\t\t\t<a href=\"https:\/\/agroznegocios.com.br\/index.php\/category\/blog\/\" rel=\"tag\" class=\"ha-tiles__tile-tag\">Blog<\/a><img decoding=\"async\" width=\"800\" height=\"437\" src=\"https:\/\/agroznegocios.com.br\/wp-content\/uploads\/2025\/08\/Gemini_Generated_Image_ee1lhee1lhee1lhe-1024x559.png\" class=\"ha-tiles__tile-img wp-post-image\" alt=\"\" srcset=\"https:\/\/agroznegocios.com.br\/wp-content\/uploads\/2025\/08\/Gemini_Generated_Image_ee1lhee1lhee1lhe-1024x559.png 1024w, https:\/\/agroznegocios.com.br\/wp-content\/uploads\/2025\/08\/Gemini_Generated_Image_ee1lhee1lhee1lhe-300x164.png 300w, https:\/\/agroznegocios.com.br\/wp-content\/uploads\/2025\/08\/Gemini_Generated_Image_ee1lhee1lhee1lhe-768x419.png 768w, https:\/\/agroznegocios.com.br\/wp-content\/uploads\/2025\/08\/Gemini_Generated_Image_ee1lhee1lhee1lhe-1536x838.png 1536w, https:\/\/agroznegocios.com.br\/wp-content\/uploads\/2025\/08\/Gemini_Generated_Image_ee1lhee1lhee1lhe-2048x1117.png 2048w\" sizes=\"(max-width: 800px) 100vw, 800px\" \/>\t\t\t\t\t<\/article>\n\n\t\t\t\t\t\t\t\t\t<article class=\"ha-tiles__tile ha-tiles__tile--sm\">\n\t\t\t\t\t\t<div class=\"ha-tiles__tile-content\">\n\t\t\t\t\t\t\t\t\t<div class=\"ha-tiles__tile-meta\">\n\t\t\t\t<span class=\"ha-tiles__tile-author\">\n\t\t\t\t\t\tAmanda Soares\t\t<\/span>\n\t\t\t\t<span class=\"ha-tiles__tile-date\">\n\t\t\t\t\t\t06\/08\/2025\t\t<\/span>\n\t\t\t\t<\/div>\n\t\t\t\t\t\t\t\t\t<h2 class=\"ha-tiles__tile-title\"><a href=\"https:\/\/agroznegocios.com.br\/index.php\/2025\/08\/06\/india-projeta-forte-alta-na-producao-de-acucar-para-2025-26\/\" rel=\"bookmark\">\u00cdndia projeta forte alta na produ\u00e7\u00e3o de a\u00e7\u00facar para 2025\/26<\/a><\/h2>\n\t\t\t\t\t\t\t<p class=\"ha-tiles__tile-excerpt\">Segundo a Associa\u00e7\u00e3o Indiana de Fabricantes de A\u00e7\u00facar e Bioenergia (ISMA), a produ\u00e7\u00e3o l\u00edquida de&hellip;<\/p>\n\t\t\t\t\t\t<\/div>\n\n\t\t\t\t\t\t<a href=\"https:\/\/agroznegocios.com.br\/index.php\/category\/blog\/\" rel=\"tag\" class=\"ha-tiles__tile-tag\">Blog<\/a><img loading=\"lazy\" decoding=\"async\" width=\"800\" height=\"534\" src=\"https:\/\/agroznegocios.com.br\/wp-content\/uploads\/2025\/08\/IMG_9279-1024x683.jpeg\" class=\"ha-tiles__tile-img wp-post-image\" alt=\"\" srcset=\"https:\/\/agroznegocios.com.br\/wp-content\/uploads\/2025\/08\/IMG_9279-1024x683.jpeg 1024w, https:\/\/agroznegocios.com.br\/wp-content\/uploads\/2025\/08\/IMG_9279-300x200.jpeg 300w, https:\/\/agroznegocios.com.br\/wp-content\/uploads\/2025\/08\/IMG_9279-768x512.jpeg 768w, https:\/\/agroznegocios.com.br\/wp-content\/uploads\/2025\/08\/IMG_9279-1536x1024.jpeg 1536w, https:\/\/agroznegocios.com.br\/wp-content\/uploads\/2025\/08\/IMG_9279-2048x1365.jpeg 2048w\" sizes=\"(max-width: 800px) 100vw, 800px\" \/>\t\t\t\t\t<\/article>\n\n\t\t\t\t\t\t\t\t\t<article class=\"ha-tiles__tile ha-tiles__tile--sm\">\n\t\t\t\t\t\t<div class=\"ha-tiles__tile-content\">\n\t\t\t\t\t\t\t\t\t<div class=\"ha-tiles__tile-meta\">\n\t\t\t\t<span class=\"ha-tiles__tile-author\">\n\t\t\t\t\t\tAmanda Soares\t\t<\/span>\n\t\t\t\t<span class=\"ha-tiles__tile-date\">\n\t\t\t\t\t\t31\/07\/2025\t\t<\/span>\n\t\t\t\t<\/div>\n\t\t\t\t\t\t\t\t\t<h2 class=\"ha-tiles__tile-title\"><a href=\"https:\/\/agroznegocios.com.br\/index.php\/2025\/07\/31\/acucar-cristal-segue-valorizado-no-mercado-paulista\/\" rel=\"bookmark\">A\u00e7\u00facar cristal segue valorizado no mercado paulista<\/a><\/h2>\n\t\t\t\t\t\t\t<p class=\"ha-tiles__tile-excerpt\">Mesmo com a demanda no varejo em ritmo mais lento, o a\u00e7\u00facar cristal branco continua&hellip;<\/p>\n\t\t\t\t\t\t<\/div>\n\n\t\t\t\t\t\t<a href=\"https:\/\/agroznegocios.com.br\/index.php\/category\/blog\/\" rel=\"tag\" class=\"ha-tiles__tile-tag\">Blog<\/a><img loading=\"lazy\" decoding=\"async\" width=\"800\" height=\"534\" src=\"https:\/\/agroznegocios.com.br\/wp-content\/uploads\/2025\/07\/fundo-de-cubos-de-acucar-1024x683.jpg\" class=\"ha-tiles__tile-img wp-post-image\" alt=\"\" srcset=\"https:\/\/agroznegocios.com.br\/wp-content\/uploads\/2025\/07\/fundo-de-cubos-de-acucar-1024x683.jpg 1024w, https:\/\/agroznegocios.com.br\/wp-content\/uploads\/2025\/07\/fundo-de-cubos-de-acucar-300x200.jpg 300w, https:\/\/agroznegocios.com.br\/wp-content\/uploads\/2025\/07\/fundo-de-cubos-de-acucar-768x512.jpg 768w, https:\/\/agroznegocios.com.br\/wp-content\/uploads\/2025\/07\/fundo-de-cubos-de-acucar-1536x1024.jpg 1536w, https:\/\/agroznegocios.com.br\/wp-content\/uploads\/2025\/07\/fundo-de-cubos-de-acucar-2048x1365.jpg 2048w\" sizes=\"(max-width: 800px) 100vw, 800px\" \/>\t\t\t\t\t<\/article>\n\n\t\t\t\t\n\t\t\t<\/div>\n\n\t\t\t\t\t<\/div>\n\t\t\t\t<\/div>\n\t\t\t\t<div class=\"elementor-element elementor-element-1f231bf ha-pg-grid-3 ha-pg-grid-tablet-2 ha-pg-grid-mobile-1 elementor-widget elementor-widget-ha-post-grid-new happy-addon ha-post-grid-new happy-addon-pro\" data-id=\"1f231bf\" data-element_type=\"widget\" data-settings=\"{&quot;columns&quot;:&quot;3&quot;,&quot;columns_tablet&quot;:&quot;2&quot;,&quot;columns_mobile&quot;:&quot;1&quot;}\" data-widget_type=\"ha-post-grid-new.default\">\n\t\t\t\t<div class=\"elementor-widget-container\">\n\t\t\t\t\t\t\t\t\t<div class=\"ha-pg-wrapper ha-pg-default ha-pg-classic\">\n\t\t\t\t\t<div class=\"ha-pg-grid-wrap\">\n\t\t\t\t\t\n\t\t\t\t\t\t\t\t<div class=\"ha-pg-item\">\n\t\t\t\t\t\t\t<div class=\"ha-pg-thumb-area\">\n\t\t\t\t\t<a href=\"https:\/\/agroznegocios.com.br\/index.php\/2025\/09\/09\/agro-puxa-alta-do-pib-no-2o-trimestre-de-2025\/\" class=\"ha-pg-thumb\">\n\t\t\t\t\t\t<img loading=\"lazy\" decoding=\"async\" width=\"800\" height=\"437\" src=\"https:\/\/agroznegocios.com.br\/wp-content\/uploads\/2025\/09\/Gemini_Generated_Image_z6kjhoz6kjhoz6kj-1024x559.png\" class=\"attachment-large size-large wp-post-image\" alt=\"Infogr\u00e1fico do agroneg\u00f3cio brasileiro 2025 mostrando crescimento de 10,1% e impacto de +2,2% no PIB nacional, ilustrado com trator e drone em lavoura tecnol\u00f3gica.\" srcset=\"https:\/\/agroznegocios.com.br\/wp-content\/uploads\/2025\/09\/Gemini_Generated_Image_z6kjhoz6kjhoz6kj-1024x559.png 1024w, https:\/\/agroznegocios.com.br\/wp-content\/uploads\/2025\/09\/Gemini_Generated_Image_z6kjhoz6kjhoz6kj-300x164.png 300w, https:\/\/agroznegocios.com.br\/wp-content\/uploads\/2025\/09\/Gemini_Generated_Image_z6kjhoz6kjhoz6kj-768x419.png 768w, https:\/\/agroznegocios.com.br\/wp-content\/uploads\/2025\/09\/Gemini_Generated_Image_z6kjhoz6kjhoz6kj-1536x838.png 1536w, https:\/\/agroznegocios.com.br\/wp-content\/uploads\/2025\/09\/Gemini_Generated_Image_z6kjhoz6kjhoz6kj-2048x1117.png 2048w\" sizes=\"(max-width: 800px) 100vw, 800px\" \/>\t\t\t\t\t<\/a>\n\t\t\t\t\t\t\t\t<div class=\"ha-pg-badge\">\n\t\t\t\t<a href=\"https:\/\/agroznegocios.com.br\/index.php\/category\/blog\/\" class=\"ha-pg-badge-taxonomy\" rel=\"tag\">Blog<\/a>\t\t\t<\/div>\n\t\t\t\t\t\t<\/div>\n\t\t\t\t\t\t<div class=\"ha-pg-content-area\">\n\n\t\t\t\t<h4 class=\"ha-pg-title\"><a href=\"https:\/\/agroznegocios.com.br\/index.php\/2025\/09\/09\/agro-puxa-alta-do-pib-no-2o-trimestre-de-2025\/\">Agro puxa alta do PIB no 2\u00ba trimestre de 2025<\/a><\/h4>\n\t\t\t\t\t\t\t<div class=\"ha-pg-meta-wrap\">\n\t\t\t\t<ul>\n\t\t\t\t\t\t\t\t\t\t\t<li class=\"ha-pg-author\">\n\t\t\t\t\t\t\t\t<a class=\"ha-pg-author-text\" href=\"https:\/\/agroznegocios.com.br\/index.php\/author\/amanda\/\">\n\t\t\t\t\t\t\t<svg xmlns=\"http:\/\/www.w3.org\/2000\/svg\" width=\"32\" height=\"32\" viewBox=\"0 0 32 32\"><path d=\"M30 26.4V29c0 1.7-1.3 3-3 3H5c-1.7 0-3-1.3-3-3v-2.6c0-4.6 3.8-8.4 8.4-8.4h1c1.4 0.6 2.9 1 4.6 1s3.2-0.4 4.6-1h1C26.2 18 30 21.8 30 26.4zM8 8c0-4.4 3.6-8 8-8s8 3.6 8 8 -3.6 8-8 8S8 12.4 8 8z\"\/><\/svg>\n\t\t\t\t\t\tAmanda Soares\t\t<\/a>\n\t\t\t\t\t\t\t\t<\/li>\n\t\t\t\t\t\t\t\t\t\t\t\t\t\t\t\t<li class=\"ha-pg-date\">\n\t\t\t\t\t\t\t\t\t<a class=\"ha-pg-date-text\" href=\"https:\/\/agroznegocios.com.br\/index.php\/2025\/09\/09\/\">\n\t\t\t\t\t\t\t<svg xmlns=\"http:\/\/www.w3.org\/2000\/svg\" width=\"32\" height=\"32\" viewBox=\"0 0 32 32\"><path d=\"M32 16c0 8.8-7.2 16-16 16S0 24.8 0 16 7.2 0 16 0 32 7.2 32 16zM22.2 19.5c0-0.3-0.2-0.6-0.4-0.8L18.1 16V6.7c0-0.6-0.5-1-1-1H15c-0.6 0-1 0.5-1 1v10 0c0 0.7 0.4 1.6 1 2l4.3 3.2c0.2 0.1 0.4 0.2 0.6 0.2 0.3 0 0.6-0.2 0.8-0.4l1.3-1.6C22.1 20 22.2 19.7 22.2 19.5z\"\/><\/svg>\n\t\t\t\t\t\t09\/09\/2025\t\t<\/a>\n\t\t\t\t\t\t\t\t<\/li>\n\t\t\t\t\t\t\t\t\t\t\t\t\t\t<\/ul>\n\t\t\t<\/div>\n\t\t\n\t\t\t\t\t\t\t<div class=\"ha-pg-excerpt\">\n\t\t\t\t<p>O agroneg\u00f3cio brasileiro registrou crescimento de 10,1% no segundo trimestre de 2025 em rela\u00e7\u00e3o ao&hellip;<\/p>\t\t\t<\/div>\n\t\t\n\t\t\t\t<div class=\"ha-pg-readmore\"><a href=\"https:\/\/agroznegocios.com.br\/index.php\/2025\/09\/09\/agro-puxa-alta-do-pib-no-2o-trimestre-de-2025\/\" target=\"_blank\">Ver mais \u00bb<\/a><\/div>\t\t\t<\/div>\n\t\t<\/div>\n\t\n\t\t\t\t\t\n\t\t\t\t\t\t\t\t<div class=\"ha-pg-item\">\n\t\t\t\t\t\t\t<div class=\"ha-pg-thumb-area\">\n\t\t\t\t\t<a href=\"https:\/\/agroznegocios.com.br\/index.php\/2025\/08\/27\/india-antecipa-meta-e-atinge-20-de-mistura-de-etanol-na-gasolina-em-2025-fortalecendo-o-agro-e-a-transicao-energetica\/\" class=\"ha-pg-thumb\">\n\t\t\t\t\t\t<img loading=\"lazy\" decoding=\"async\" width=\"800\" height=\"437\" src=\"https:\/\/agroznegocios.com.br\/wp-content\/uploads\/2025\/08\/Gemini_Generated_Image_79lduf79lduf79ld-1024x559.png\" class=\"attachment-large size-large wp-post-image\" alt=\"Infogr\u00e1fico: \u00cdndia atinge a meta de 20% de mistura de etanol (E20) na gasolina em 2025, cinco anos antes do prazo. Gr\u00e1fico mostra crescimento de 1,5% em 2014 para 20%, com \u00edcones de milho e cana-de-a\u00e7\u00facar como fontes.\" srcset=\"https:\/\/agroznegocios.com.br\/wp-content\/uploads\/2025\/08\/Gemini_Generated_Image_79lduf79lduf79ld-1024x559.png 1024w, https:\/\/agroznegocios.com.br\/wp-content\/uploads\/2025\/08\/Gemini_Generated_Image_79lduf79lduf79ld-300x164.png 300w, https:\/\/agroznegocios.com.br\/wp-content\/uploads\/2025\/08\/Gemini_Generated_Image_79lduf79lduf79ld-768x419.png 768w, https:\/\/agroznegocios.com.br\/wp-content\/uploads\/2025\/08\/Gemini_Generated_Image_79lduf79lduf79ld-1536x838.png 1536w, https:\/\/agroznegocios.com.br\/wp-content\/uploads\/2025\/08\/Gemini_Generated_Image_79lduf79lduf79ld-2048x1117.png 2048w\" sizes=\"(max-width: 800px) 100vw, 800px\" \/>\t\t\t\t\t<\/a>\n\t\t\t\t\t\t\t\t<div class=\"ha-pg-badge\">\n\t\t\t\t<a href=\"https:\/\/agroznegocios.com.br\/index.php\/category\/blog\/\" class=\"ha-pg-badge-taxonomy\" rel=\"tag\">Blog<\/a>\t\t\t<\/div>\n\t\t\t\t\t\t<\/div>\n\t\t\t\t\t\t<div class=\"ha-pg-content-area\">\n\n\t\t\t\t<h4 class=\"ha-pg-title\"><a href=\"https:\/\/agroznegocios.com.br\/index.php\/2025\/08\/27\/india-antecipa-meta-e-atinge-20-de-mistura-de-etanol-na-gasolina-em-2025-fortalecendo-o-agro-e-a-transicao-energetica\/\">\u00cdndia antecipa meta e atinge 20% de mistura de etanol na gasolina em 2025, fortalecendo o agro e a transi\u00e7\u00e3o energ\u00e9tica<\/a><\/h4>\n\t\t\t\t\t\t\t<div class=\"ha-pg-meta-wrap\">\n\t\t\t\t<ul>\n\t\t\t\t\t\t\t\t\t\t\t<li class=\"ha-pg-author\">\n\t\t\t\t\t\t\t\t<a class=\"ha-pg-author-text\" href=\"https:\/\/agroznegocios.com.br\/index.php\/author\/amanda\/\">\n\t\t\t\t\t\t\t<svg xmlns=\"http:\/\/www.w3.org\/2000\/svg\" width=\"32\" height=\"32\" viewBox=\"0 0 32 32\"><path d=\"M30 26.4V29c0 1.7-1.3 3-3 3H5c-1.7 0-3-1.3-3-3v-2.6c0-4.6 3.8-8.4 8.4-8.4h1c1.4 0.6 2.9 1 4.6 1s3.2-0.4 4.6-1h1C26.2 18 30 21.8 30 26.4zM8 8c0-4.4 3.6-8 8-8s8 3.6 8 8 -3.6 8-8 8S8 12.4 8 8z\"\/><\/svg>\n\t\t\t\t\t\tAmanda Soares\t\t<\/a>\n\t\t\t\t\t\t\t\t<\/li>\n\t\t\t\t\t\t\t\t\t\t\t\t\t\t\t\t<li class=\"ha-pg-date\">\n\t\t\t\t\t\t\t\t\t<a class=\"ha-pg-date-text\" href=\"https:\/\/agroznegocios.com.br\/index.php\/2025\/08\/27\/\">\n\t\t\t\t\t\t\t<svg xmlns=\"http:\/\/www.w3.org\/2000\/svg\" width=\"32\" height=\"32\" viewBox=\"0 0 32 32\"><path d=\"M32 16c0 8.8-7.2 16-16 16S0 24.8 0 16 7.2 0 16 0 32 7.2 32 16zM22.2 19.5c0-0.3-0.2-0.6-0.4-0.8L18.1 16V6.7c0-0.6-0.5-1-1-1H15c-0.6 0-1 0.5-1 1v10 0c0 0.7 0.4 1.6 1 2l4.3 3.2c0.2 0.1 0.4 0.2 0.6 0.2 0.3 0 0.6-0.2 0.8-0.4l1.3-1.6C22.1 20 22.2 19.7 22.2 19.5z\"\/><\/svg>\n\t\t\t\t\t\t27\/08\/2025\t\t<\/a>\n\t\t\t\t\t\t\t\t<\/li>\n\t\t\t\t\t\t\t\t\t\t\t\t\t\t<\/ul>\n\t\t\t<\/div>\n\t\t\n\t\t\t\t\t\t\t<div class=\"ha-pg-excerpt\">\n\t\t\t\t<p>A \u00cdndia atingiu em 2025 a meta de 20% de mistura de etanol na gasolina&hellip;<\/p>\t\t\t<\/div>\n\t\t\n\t\t\t\t<div class=\"ha-pg-readmore\"><a href=\"https:\/\/agroznegocios.com.br\/index.php\/2025\/08\/27\/india-antecipa-meta-e-atinge-20-de-mistura-de-etanol-na-gasolina-em-2025-fortalecendo-o-agro-e-a-transicao-energetica\/\" target=\"_blank\">Ver mais \u00bb<\/a><\/div>\t\t\t<\/div>\n\t\t<\/div>\n\t\n\t\t\t\t\t\n\t\t\t\t\t\t\t\t<div class=\"ha-pg-item\">\n\t\t\t\t\t\t\t<div class=\"ha-pg-thumb-area\">\n\t\t\t\t\t<a href=\"https:\/\/agroznegocios.com.br\/index.php\/2025\/08\/15\/drones-agricolas-tecnologia-estrategica-que-transforma-a-producao-no-campo\/\" class=\"ha-pg-thumb\">\n\t\t\t\t\t\t<img loading=\"lazy\" decoding=\"async\" width=\"800\" height=\"437\" src=\"https:\/\/agroznegocios.com.br\/wp-content\/uploads\/2025\/08\/Gemini_Generated_Image_ee1lhee1lhee1lhe-1024x559.png\" class=\"attachment-large size-large wp-post-image\" alt=\"\" srcset=\"https:\/\/agroznegocios.com.br\/wp-content\/uploads\/2025\/08\/Gemini_Generated_Image_ee1lhee1lhee1lhe-1024x559.png 1024w, https:\/\/agroznegocios.com.br\/wp-content\/uploads\/2025\/08\/Gemini_Generated_Image_ee1lhee1lhee1lhe-300x164.png 300w, https:\/\/agroznegocios.com.br\/wp-content\/uploads\/2025\/08\/Gemini_Generated_Image_ee1lhee1lhee1lhe-768x419.png 768w, https:\/\/agroznegocios.com.br\/wp-content\/uploads\/2025\/08\/Gemini_Generated_Image_ee1lhee1lhee1lhe-1536x838.png 1536w, https:\/\/agroznegocios.com.br\/wp-content\/uploads\/2025\/08\/Gemini_Generated_Image_ee1lhee1lhee1lhe-2048x1117.png 2048w\" sizes=\"(max-width: 800px) 100vw, 800px\" \/>\t\t\t\t\t<\/a>\n\t\t\t\t\t\t\t\t<div class=\"ha-pg-badge\">\n\t\t\t\t<a href=\"https:\/\/agroznegocios.com.br\/index.php\/category\/blog\/\" class=\"ha-pg-badge-taxonomy\" rel=\"tag\">Blog<\/a>\t\t\t<\/div>\n\t\t\t\t\t\t<\/div>\n\t\t\t\t\t\t<div class=\"ha-pg-content-area\">\n\n\t\t\t\t<h4 class=\"ha-pg-title\"><a href=\"https:\/\/agroznegocios.com.br\/index.php\/2025\/08\/15\/drones-agricolas-tecnologia-estrategica-que-transforma-a-producao-no-campo\/\">Drones agr\u00edcolas: tecnologia estrat\u00e9gica que transforma a produ\u00e7\u00e3o no campo<\/a><\/h4>\n\t\t\t\t\t\t\t<div class=\"ha-pg-meta-wrap\">\n\t\t\t\t<ul>\n\t\t\t\t\t\t\t\t\t\t\t<li class=\"ha-pg-author\">\n\t\t\t\t\t\t\t\t<a class=\"ha-pg-author-text\" href=\"https:\/\/agroznegocios.com.br\/index.php\/author\/amanda\/\">\n\t\t\t\t\t\t\t<svg xmlns=\"http:\/\/www.w3.org\/2000\/svg\" width=\"32\" height=\"32\" viewBox=\"0 0 32 32\"><path d=\"M30 26.4V29c0 1.7-1.3 3-3 3H5c-1.7 0-3-1.3-3-3v-2.6c0-4.6 3.8-8.4 8.4-8.4h1c1.4 0.6 2.9 1 4.6 1s3.2-0.4 4.6-1h1C26.2 18 30 21.8 30 26.4zM8 8c0-4.4 3.6-8 8-8s8 3.6 8 8 -3.6 8-8 8S8 12.4 8 8z\"\/><\/svg>\n\t\t\t\t\t\tAmanda Soares\t\t<\/a>\n\t\t\t\t\t\t\t\t<\/li>\n\t\t\t\t\t\t\t\t\t\t\t\t\t\t\t\t<li class=\"ha-pg-date\">\n\t\t\t\t\t\t\t\t\t<a class=\"ha-pg-date-text\" href=\"https:\/\/agroznegocios.com.br\/index.php\/2025\/08\/15\/\">\n\t\t\t\t\t\t\t<svg xmlns=\"http:\/\/www.w3.org\/2000\/svg\" width=\"32\" height=\"32\" viewBox=\"0 0 32 32\"><path d=\"M32 16c0 8.8-7.2 16-16 16S0 24.8 0 16 7.2 0 16 0 32 7.2 32 16zM22.2 19.5c0-0.3-0.2-0.6-0.4-0.8L18.1 16V6.7c0-0.6-0.5-1-1-1H15c-0.6 0-1 0.5-1 1v10 0c0 0.7 0.4 1.6 1 2l4.3 3.2c0.2 0.1 0.4 0.2 0.6 0.2 0.3 0 0.6-0.2 0.8-0.4l1.3-1.6C22.1 20 22.2 19.7 22.2 19.5z\"\/><\/svg>\n\t\t\t\t\t\t15\/08\/2025\t\t<\/a>\n\t\t\t\t\t\t\t\t<\/li>\n\t\t\t\t\t\t\t\t\t\t\t\t\t\t<\/ul>\n\t\t\t<\/div>\n\t\t\n\t\t\t\t\t\t\t<div class=\"ha-pg-excerpt\">\n\t\t\t\t<p>O uso de drones agr\u00edcolas no Brasil deixou de ser apenas uma promessa e se&hellip;<\/p>\t\t\t<\/div>\n\t\t\n\t\t\t\t<div class=\"ha-pg-readmore\"><a href=\"https:\/\/agroznegocios.com.br\/index.php\/2025\/08\/15\/drones-agricolas-tecnologia-estrategica-que-transforma-a-producao-no-campo\/\" target=\"_blank\">Ver mais \u00bb<\/a><\/div>\t\t\t<\/div>\n\t\t<\/div>\n\t\n\t\t\t\t\t\n\t\t\t\t\t\t\t\t<div class=\"ha-pg-item\">\n\t\t\t\t\t\t\t<div class=\"ha-pg-thumb-area\">\n\t\t\t\t\t<a href=\"https:\/\/agroznegocios.com.br\/index.php\/2025\/08\/06\/india-projeta-forte-alta-na-producao-de-acucar-para-2025-26\/\" class=\"ha-pg-thumb\">\n\t\t\t\t\t\t<img loading=\"lazy\" decoding=\"async\" width=\"800\" height=\"534\" src=\"https:\/\/agroznegocios.com.br\/wp-content\/uploads\/2025\/08\/IMG_9279-1024x683.jpeg\" class=\"attachment-large size-large wp-post-image\" alt=\"\" srcset=\"https:\/\/agroznegocios.com.br\/wp-content\/uploads\/2025\/08\/IMG_9279-1024x683.jpeg 1024w, https:\/\/agroznegocios.com.br\/wp-content\/uploads\/2025\/08\/IMG_9279-300x200.jpeg 300w, https:\/\/agroznegocios.com.br\/wp-content\/uploads\/2025\/08\/IMG_9279-768x512.jpeg 768w, https:\/\/agroznegocios.com.br\/wp-content\/uploads\/2025\/08\/IMG_9279-1536x1024.jpeg 1536w, https:\/\/agroznegocios.com.br\/wp-content\/uploads\/2025\/08\/IMG_9279-2048x1365.jpeg 2048w\" sizes=\"(max-width: 800px) 100vw, 800px\" \/>\t\t\t\t\t<\/a>\n\t\t\t\t\t\t\t\t<div class=\"ha-pg-badge\">\n\t\t\t\t<a href=\"https:\/\/agroznegocios.com.br\/index.php\/category\/blog\/\" class=\"ha-pg-badge-taxonomy\" rel=\"tag\">Blog<\/a>\t\t\t<\/div>\n\t\t\t\t\t\t<\/div>\n\t\t\t\t\t\t<div class=\"ha-pg-content-area\">\n\n\t\t\t\t<h4 class=\"ha-pg-title\"><a href=\"https:\/\/agroznegocios.com.br\/index.php\/2025\/08\/06\/india-projeta-forte-alta-na-producao-de-acucar-para-2025-26\/\">\u00cdndia projeta forte alta na produ\u00e7\u00e3o de a\u00e7\u00facar para 2025\/26<\/a><\/h4>\n\t\t\t\t\t\t\t<div class=\"ha-pg-meta-wrap\">\n\t\t\t\t<ul>\n\t\t\t\t\t\t\t\t\t\t\t<li class=\"ha-pg-author\">\n\t\t\t\t\t\t\t\t<a class=\"ha-pg-author-text\" href=\"https:\/\/agroznegocios.com.br\/index.php\/author\/amanda\/\">\n\t\t\t\t\t\t\t<svg xmlns=\"http:\/\/www.w3.org\/2000\/svg\" width=\"32\" height=\"32\" viewBox=\"0 0 32 32\"><path d=\"M30 26.4V29c0 1.7-1.3 3-3 3H5c-1.7 0-3-1.3-3-3v-2.6c0-4.6 3.8-8.4 8.4-8.4h1c1.4 0.6 2.9 1 4.6 1s3.2-0.4 4.6-1h1C26.2 18 30 21.8 30 26.4zM8 8c0-4.4 3.6-8 8-8s8 3.6 8 8 -3.6 8-8 8S8 12.4 8 8z\"\/><\/svg>\n\t\t\t\t\t\tAmanda Soares\t\t<\/a>\n\t\t\t\t\t\t\t\t<\/li>\n\t\t\t\t\t\t\t\t\t\t\t\t\t\t\t\t<li class=\"ha-pg-date\">\n\t\t\t\t\t\t\t\t\t<a class=\"ha-pg-date-text\" href=\"https:\/\/agroznegocios.com.br\/index.php\/2025\/08\/06\/\">\n\t\t\t\t\t\t\t<svg xmlns=\"http:\/\/www.w3.org\/2000\/svg\" width=\"32\" height=\"32\" viewBox=\"0 0 32 32\"><path d=\"M32 16c0 8.8-7.2 16-16 16S0 24.8 0 16 7.2 0 16 0 32 7.2 32 16zM22.2 19.5c0-0.3-0.2-0.6-0.4-0.8L18.1 16V6.7c0-0.6-0.5-1-1-1H15c-0.6 0-1 0.5-1 1v10 0c0 0.7 0.4 1.6 1 2l4.3 3.2c0.2 0.1 0.4 0.2 0.6 0.2 0.3 0 0.6-0.2 0.8-0.4l1.3-1.6C22.1 20 22.2 19.7 22.2 19.5z\"\/><\/svg>\n\t\t\t\t\t\t06\/08\/2025\t\t<\/a>\n\t\t\t\t\t\t\t\t<\/li>\n\t\t\t\t\t\t\t\t\t\t\t\t\t\t<\/ul>\n\t\t\t<\/div>\n\t\t\n\t\t\t\t\t\t\t<div class=\"ha-pg-excerpt\">\n\t\t\t\t<p>Segundo a Associa\u00e7\u00e3o Indiana de Fabricantes de A\u00e7\u00facar e Bioenergia (ISMA), a produ\u00e7\u00e3o l\u00edquida de&hellip;<\/p>\t\t\t<\/div>\n\t\t\n\t\t\t\t<div class=\"ha-pg-readmore\"><a href=\"https:\/\/agroznegocios.com.br\/index.php\/2025\/08\/06\/india-projeta-forte-alta-na-producao-de-acucar-para-2025-26\/\" target=\"_blank\">Ver mais \u00bb<\/a><\/div>\t\t\t<\/div>\n\t\t<\/div>\n\t\n\t\t\t\t\t\n\t\t\t\t\t\t\t\t<div class=\"ha-pg-item\">\n\t\t\t\t\t\t\t<div class=\"ha-pg-thumb-area\">\n\t\t\t\t\t<a href=\"https:\/\/agroznegocios.com.br\/index.php\/2025\/07\/31\/acucar-cristal-segue-valorizado-no-mercado-paulista\/\" class=\"ha-pg-thumb\">\n\t\t\t\t\t\t<img loading=\"lazy\" decoding=\"async\" width=\"800\" height=\"534\" src=\"https:\/\/agroznegocios.com.br\/wp-content\/uploads\/2025\/07\/fundo-de-cubos-de-acucar-1024x683.jpg\" class=\"attachment-large size-large wp-post-image\" alt=\"\" srcset=\"https:\/\/agroznegocios.com.br\/wp-content\/uploads\/2025\/07\/fundo-de-cubos-de-acucar-1024x683.jpg 1024w, https:\/\/agroznegocios.com.br\/wp-content\/uploads\/2025\/07\/fundo-de-cubos-de-acucar-300x200.jpg 300w, https:\/\/agroznegocios.com.br\/wp-content\/uploads\/2025\/07\/fundo-de-cubos-de-acucar-768x512.jpg 768w, https:\/\/agroznegocios.com.br\/wp-content\/uploads\/2025\/07\/fundo-de-cubos-de-acucar-1536x1024.jpg 1536w, https:\/\/agroznegocios.com.br\/wp-content\/uploads\/2025\/07\/fundo-de-cubos-de-acucar-2048x1365.jpg 2048w\" sizes=\"(max-width: 800px) 100vw, 800px\" \/>\t\t\t\t\t<\/a>\n\t\t\t\t\t\t\t\t<div class=\"ha-pg-badge\">\n\t\t\t\t<a href=\"https:\/\/agroznegocios.com.br\/index.php\/category\/blog\/\" class=\"ha-pg-badge-taxonomy\" rel=\"tag\">Blog<\/a>\t\t\t<\/div>\n\t\t\t\t\t\t<\/div>\n\t\t\t\t\t\t<div class=\"ha-pg-content-area\">\n\n\t\t\t\t<h4 class=\"ha-pg-title\"><a href=\"https:\/\/agroznegocios.com.br\/index.php\/2025\/07\/31\/acucar-cristal-segue-valorizado-no-mercado-paulista\/\">A\u00e7\u00facar cristal segue valorizado no mercado paulista<\/a><\/h4>\n\t\t\t\t\t\t\t<div class=\"ha-pg-meta-wrap\">\n\t\t\t\t<ul>\n\t\t\t\t\t\t\t\t\t\t\t<li class=\"ha-pg-author\">\n\t\t\t\t\t\t\t\t<a class=\"ha-pg-author-text\" href=\"https:\/\/agroznegocios.com.br\/index.php\/author\/amanda\/\">\n\t\t\t\t\t\t\t<svg xmlns=\"http:\/\/www.w3.org\/2000\/svg\" width=\"32\" height=\"32\" viewBox=\"0 0 32 32\"><path d=\"M30 26.4V29c0 1.7-1.3 3-3 3H5c-1.7 0-3-1.3-3-3v-2.6c0-4.6 3.8-8.4 8.4-8.4h1c1.4 0.6 2.9 1 4.6 1s3.2-0.4 4.6-1h1C26.2 18 30 21.8 30 26.4zM8 8c0-4.4 3.6-8 8-8s8 3.6 8 8 -3.6 8-8 8S8 12.4 8 8z\"\/><\/svg>\n\t\t\t\t\t\tAmanda Soares\t\t<\/a>\n\t\t\t\t\t\t\t\t<\/li>\n\t\t\t\t\t\t\t\t\t\t\t\t\t\t\t\t<li class=\"ha-pg-date\">\n\t\t\t\t\t\t\t\t\t<a class=\"ha-pg-date-text\" href=\"https:\/\/agroznegocios.com.br\/index.php\/2025\/07\/31\/\">\n\t\t\t\t\t\t\t<svg xmlns=\"http:\/\/www.w3.org\/2000\/svg\" width=\"32\" height=\"32\" viewBox=\"0 0 32 32\"><path d=\"M32 16c0 8.8-7.2 16-16 16S0 24.8 0 16 7.2 0 16 0 32 7.2 32 16zM22.2 19.5c0-0.3-0.2-0.6-0.4-0.8L18.1 16V6.7c0-0.6-0.5-1-1-1H15c-0.6 0-1 0.5-1 1v10 0c0 0.7 0.4 1.6 1 2l4.3 3.2c0.2 0.1 0.4 0.2 0.6 0.2 0.3 0 0.6-0.2 0.8-0.4l1.3-1.6C22.1 20 22.2 19.7 22.2 19.5z\"\/><\/svg>\n\t\t\t\t\t\t31\/07\/2025\t\t<\/a>\n\t\t\t\t\t\t\t\t<\/li>\n\t\t\t\t\t\t\t\t\t\t\t\t\t\t<\/ul>\n\t\t\t<\/div>\n\t\t\n\t\t\t\t\t\t\t<div class=\"ha-pg-excerpt\">\n\t\t\t\t<p>Mesmo com a demanda no varejo em ritmo mais lento, o a\u00e7\u00facar cristal branco continua&hellip;<\/p>\t\t\t<\/div>\n\t\t\n\t\t\t\t<div class=\"ha-pg-readmore\"><a href=\"https:\/\/agroznegocios.com.br\/index.php\/2025\/07\/31\/acucar-cristal-segue-valorizado-no-mercado-paulista\/\" target=\"_blank\">Ver mais \u00bb<\/a><\/div>\t\t\t<\/div>\n\t\t<\/div>\n\t\n\t\t\t\t\t\n\t\t\t\t\t\t\t\t<div class=\"ha-pg-item\">\n\t\t\t\t\t\t\t<div class=\"ha-pg-thumb-area\">\n\t\t\t\t\t<a href=\"https:\/\/agroznegocios.com.br\/index.php\/2025\/07\/31\/acucar-em-alta-demanda-global-impulsiona-precos-no-mercado-internacional\/\" class=\"ha-pg-thumb\">\n\t\t\t\t\t\t<img loading=\"lazy\" decoding=\"async\" width=\"800\" height=\"534\" src=\"https:\/\/agroznegocios.com.br\/wp-content\/uploads\/2025\/07\/cubo-de-acucar-branco-na-mesa-1024x683.jpg\" class=\"attachment-large size-large wp-post-image\" alt=\"\" srcset=\"https:\/\/agroznegocios.com.br\/wp-content\/uploads\/2025\/07\/cubo-de-acucar-branco-na-mesa-1024x683.jpg 1024w, https:\/\/agroznegocios.com.br\/wp-content\/uploads\/2025\/07\/cubo-de-acucar-branco-na-mesa-300x200.jpg 300w, https:\/\/agroznegocios.com.br\/wp-content\/uploads\/2025\/07\/cubo-de-acucar-branco-na-mesa-768x512.jpg 768w, https:\/\/agroznegocios.com.br\/wp-content\/uploads\/2025\/07\/cubo-de-acucar-branco-na-mesa-1536x1024.jpg 1536w, https:\/\/agroznegocios.com.br\/wp-content\/uploads\/2025\/07\/cubo-de-acucar-branco-na-mesa-2048x1365.jpg 2048w\" sizes=\"(max-width: 800px) 100vw, 800px\" \/>\t\t\t\t\t<\/a>\n\t\t\t\t\t\t\t\t<div class=\"ha-pg-badge\">\n\t\t\t\t<a href=\"https:\/\/agroznegocios.com.br\/index.php\/category\/blog\/\" class=\"ha-pg-badge-taxonomy\" rel=\"tag\">Blog<\/a>\t\t\t<\/div>\n\t\t\t\t\t\t<\/div>\n\t\t\t\t\t\t<div class=\"ha-pg-content-area\">\n\n\t\t\t\t<h4 class=\"ha-pg-title\"><a href=\"https:\/\/agroznegocios.com.br\/index.php\/2025\/07\/31\/acucar-em-alta-demanda-global-impulsiona-precos-no-mercado-internacional\/\">A\u00e7\u00facar em alta: demanda global impulsiona pre\u00e7os no mercado internacional<\/a><\/h4>\n\t\t\t\t\t\t\t<div class=\"ha-pg-meta-wrap\">\n\t\t\t\t<ul>\n\t\t\t\t\t\t\t\t\t\t\t<li class=\"ha-pg-author\">\n\t\t\t\t\t\t\t\t<a class=\"ha-pg-author-text\" href=\"https:\/\/agroznegocios.com.br\/index.php\/author\/amanda\/\">\n\t\t\t\t\t\t\t<svg xmlns=\"http:\/\/www.w3.org\/2000\/svg\" width=\"32\" height=\"32\" viewBox=\"0 0 32 32\"><path d=\"M30 26.4V29c0 1.7-1.3 3-3 3H5c-1.7 0-3-1.3-3-3v-2.6c0-4.6 3.8-8.4 8.4-8.4h1c1.4 0.6 2.9 1 4.6 1s3.2-0.4 4.6-1h1C26.2 18 30 21.8 30 26.4zM8 8c0-4.4 3.6-8 8-8s8 3.6 8 8 -3.6 8-8 8S8 12.4 8 8z\"\/><\/svg>\n\t\t\t\t\t\tAmanda Soares\t\t<\/a>\n\t\t\t\t\t\t\t\t<\/li>\n\t\t\t\t\t\t\t\t\t\t\t\t\t\t\t\t<li class=\"ha-pg-date\">\n\t\t\t\t\t\t\t\t\t<a class=\"ha-pg-date-text\" href=\"https:\/\/agroznegocios.com.br\/index.php\/2025\/07\/31\/\">\n\t\t\t\t\t\t\t<svg xmlns=\"http:\/\/www.w3.org\/2000\/svg\" width=\"32\" height=\"32\" viewBox=\"0 0 32 32\"><path d=\"M32 16c0 8.8-7.2 16-16 16S0 24.8 0 16 7.2 0 16 0 32 7.2 32 16zM22.2 19.5c0-0.3-0.2-0.6-0.4-0.8L18.1 16V6.7c0-0.6-0.5-1-1-1H15c-0.6 0-1 0.5-1 1v10 0c0 0.7 0.4 1.6 1 2l4.3 3.2c0.2 0.1 0.4 0.2 0.6 0.2 0.3 0 0.6-0.2 0.8-0.4l1.3-1.6C22.1 20 22.2 19.7 22.2 19.5z\"\/><\/svg>\n\t\t\t\t\t\t31\/07\/2025\t\t<\/a>\n\t\t\t\t\t\t\t\t<\/li>\n\t\t\t\t\t\t\t\t\t\t\t\t\t\t<\/ul>\n\t\t\t<\/div>\n\t\t\n\t\t\t\t\t\t\t<div class=\"ha-pg-excerpt\">\n\t\t\t\t<p>Os pre\u00e7os internacionais do a\u00e7\u00facar voltaram a subir na \u00faltima semana, impulsionados por fortes sinais&hellip;<\/p>\t\t\t<\/div>\n\t\t\n\t\t\t\t<div class=\"ha-pg-readmore\"><a href=\"https:\/\/agroznegocios.com.br\/index.php\/2025\/07\/31\/acucar-em-alta-demanda-global-impulsiona-precos-no-mercado-internacional\/\" target=\"_blank\">Ver mais \u00bb<\/a><\/div>\t\t\t<\/div>\n\t\t<\/div>\n\t\n\t\t\t\t\t\n\t\t\t\t\t\t\t\t<div class=\"ha-pg-item\">\n\t\t\t\t\t\t\t<div class=\"ha-pg-thumb-area\">\n\t\t\t\t\t<a href=\"https:\/\/agroznegocios.com.br\/index.php\/2025\/07\/16\/soja-em-foco-queda-no-mercado-externo-e-tensao-com-os-eua-reacendem-alerta-no-brasil\/\" class=\"ha-pg-thumb\">\n\t\t\t\t\t\t<img loading=\"lazy\" decoding=\"async\" width=\"800\" height=\"534\" src=\"https:\/\/agroznegocios.com.br\/wp-content\/uploads\/2025\/07\/moedas-empilhadas-na-terra-com-plantas-1024x683.jpg\" class=\"attachment-large size-large wp-post-image\" alt=\"\" srcset=\"https:\/\/agroznegocios.com.br\/wp-content\/uploads\/2025\/07\/moedas-empilhadas-na-terra-com-plantas-1024x683.jpg 1024w, https:\/\/agroznegocios.com.br\/wp-content\/uploads\/2025\/07\/moedas-empilhadas-na-terra-com-plantas-300x200.jpg 300w, https:\/\/agroznegocios.com.br\/wp-content\/uploads\/2025\/07\/moedas-empilhadas-na-terra-com-plantas-768x512.jpg 768w, https:\/\/agroznegocios.com.br\/wp-content\/uploads\/2025\/07\/moedas-empilhadas-na-terra-com-plantas-1536x1024.jpg 1536w, https:\/\/agroznegocios.com.br\/wp-content\/uploads\/2025\/07\/moedas-empilhadas-na-terra-com-plantas-2048x1365.jpg 2048w\" sizes=\"(max-width: 800px) 100vw, 800px\" \/>\t\t\t\t\t<\/a>\n\t\t\t\t\t\t\t\t<div class=\"ha-pg-badge\">\n\t\t\t\t<a href=\"https:\/\/agroznegocios.com.br\/index.php\/category\/blog\/\" class=\"ha-pg-badge-taxonomy\" rel=\"tag\">Blog<\/a>\t\t\t<\/div>\n\t\t\t\t\t\t<\/div>\n\t\t\t\t\t\t<div class=\"ha-pg-content-area\">\n\n\t\t\t\t<h4 class=\"ha-pg-title\"><a href=\"https:\/\/agroznegocios.com.br\/index.php\/2025\/07\/16\/soja-em-foco-queda-no-mercado-externo-e-tensao-com-os-eua-reacendem-alerta-no-brasil\/\">Soja em foco: queda no mercado externo e tens\u00e3o com os EUA reacendem alerta no Brasil<\/a><\/h4>\n\t\t\t\t\t\t\t<div class=\"ha-pg-meta-wrap\">\n\t\t\t\t<ul>\n\t\t\t\t\t\t\t\t\t\t\t<li class=\"ha-pg-author\">\n\t\t\t\t\t\t\t\t<a class=\"ha-pg-author-text\" href=\"https:\/\/agroznegocios.com.br\/index.php\/author\/amanda\/\">\n\t\t\t\t\t\t\t<svg xmlns=\"http:\/\/www.w3.org\/2000\/svg\" width=\"32\" height=\"32\" viewBox=\"0 0 32 32\"><path d=\"M30 26.4V29c0 1.7-1.3 3-3 3H5c-1.7 0-3-1.3-3-3v-2.6c0-4.6 3.8-8.4 8.4-8.4h1c1.4 0.6 2.9 1 4.6 1s3.2-0.4 4.6-1h1C26.2 18 30 21.8 30 26.4zM8 8c0-4.4 3.6-8 8-8s8 3.6 8 8 -3.6 8-8 8S8 12.4 8 8z\"\/><\/svg>\n\t\t\t\t\t\tAmanda Soares\t\t<\/a>\n\t\t\t\t\t\t\t\t<\/li>\n\t\t\t\t\t\t\t\t\t\t\t\t\t\t\t\t<li class=\"ha-pg-date\">\n\t\t\t\t\t\t\t\t\t<a class=\"ha-pg-date-text\" href=\"https:\/\/agroznegocios.com.br\/index.php\/2025\/07\/16\/\">\n\t\t\t\t\t\t\t<svg xmlns=\"http:\/\/www.w3.org\/2000\/svg\" width=\"32\" height=\"32\" viewBox=\"0 0 32 32\"><path d=\"M32 16c0 8.8-7.2 16-16 16S0 24.8 0 16 7.2 0 16 0 32 7.2 32 16zM22.2 19.5c0-0.3-0.2-0.6-0.4-0.8L18.1 16V6.7c0-0.6-0.5-1-1-1H15c-0.6 0-1 0.5-1 1v10 0c0 0.7 0.4 1.6 1 2l4.3 3.2c0.2 0.1 0.4 0.2 0.6 0.2 0.3 0 0.6-0.2 0.8-0.4l1.3-1.6C22.1 20 22.2 19.7 22.2 19.5z\"\/><\/svg>\n\t\t\t\t\t\t16\/07\/2025\t\t<\/a>\n\t\t\t\t\t\t\t\t<\/li>\n\t\t\t\t\t\t\t\t\t\t\t\t\t\t<\/ul>\n\t\t\t<\/div>\n\t\t\n\t\t\t\t\t\t\t<div class=\"ha-pg-excerpt\">\n\t\t\t\t<p>Os pre\u00e7os internacionais da soja recuaram mais uma vez, pressionados por estoques elevados\u00a0no Brasil e&hellip;<\/p>\t\t\t<\/div>\n\t\t\n\t\t\t\t<div class=\"ha-pg-readmore\"><a href=\"https:\/\/agroznegocios.com.br\/index.php\/2025\/07\/16\/soja-em-foco-queda-no-mercado-externo-e-tensao-com-os-eua-reacendem-alerta-no-brasil\/\" target=\"_blank\">Ver mais \u00bb<\/a><\/div>\t\t\t<\/div>\n\t\t<\/div>\n\t\n\t\t\t\t\t\n\t\t\t\t\t\t\t\t<div class=\"ha-pg-item\">\n\t\t\t\t\t\t\t<div class=\"ha-pg-thumb-area\">\n\t\t\t\t\t<a href=\"https:\/\/agroznegocios.com.br\/index.php\/2025\/05\/08\/aumento-de-32-da-soja-brasileira-exportada-para-a-china-no-mes-de-abril\/\" class=\"ha-pg-thumb\">\n\t\t\t\t\t\t<img loading=\"lazy\" decoding=\"async\" width=\"800\" height=\"534\" src=\"https:\/\/agroznegocios.com.br\/wp-content\/uploads\/2025\/05\/hologramas-tecnologicos-e-futuristas-para-meios-de-transporte-logistico-1024x683.jpg\" class=\"attachment-large size-large wp-post-image\" alt=\"\" srcset=\"https:\/\/agroznegocios.com.br\/wp-content\/uploads\/2025\/05\/hologramas-tecnologicos-e-futuristas-para-meios-de-transporte-logistico-1024x683.jpg 1024w, https:\/\/agroznegocios.com.br\/wp-content\/uploads\/2025\/05\/hologramas-tecnologicos-e-futuristas-para-meios-de-transporte-logistico-300x200.jpg 300w, https:\/\/agroznegocios.com.br\/wp-content\/uploads\/2025\/05\/hologramas-tecnologicos-e-futuristas-para-meios-de-transporte-logistico-768x512.jpg 768w, https:\/\/agroznegocios.com.br\/wp-content\/uploads\/2025\/05\/hologramas-tecnologicos-e-futuristas-para-meios-de-transporte-logistico-1536x1024.jpg 1536w, https:\/\/agroznegocios.com.br\/wp-content\/uploads\/2025\/05\/hologramas-tecnologicos-e-futuristas-para-meios-de-transporte-logistico-2048x1365.jpg 2048w\" sizes=\"(max-width: 800px) 100vw, 800px\" \/>\t\t\t\t\t<\/a>\n\t\t\t\t\t\t\t\t<div class=\"ha-pg-badge\">\n\t\t\t\t<a href=\"https:\/\/agroznegocios.com.br\/index.php\/category\/noticia\/\" class=\"ha-pg-badge-taxonomy\" rel=\"tag\">Noticia<\/a>\t\t\t<\/div>\n\t\t\t\t\t\t<\/div>\n\t\t\t\t\t\t<div class=\"ha-pg-content-area\">\n\n\t\t\t\t<h4 class=\"ha-pg-title\"><a href=\"https:\/\/agroznegocios.com.br\/index.php\/2025\/05\/08\/aumento-de-32-da-soja-brasileira-exportada-para-a-china-no-mes-de-abril\/\">Exporta\u00e7\u00e3o de Soja Brasileira na China Cresce 32% e Ganha Destaque em Zhoushan<\/a><\/h4>\n\t\t\t\t\t\t\t<div class=\"ha-pg-meta-wrap\">\n\t\t\t\t<ul>\n\t\t\t\t\t\t\t\t\t\t\t<li class=\"ha-pg-author\">\n\t\t\t\t\t\t\t\t<a class=\"ha-pg-author-text\" href=\"https:\/\/agroznegocios.com.br\/index.php\/author\/amanda\/\">\n\t\t\t\t\t\t\t<svg xmlns=\"http:\/\/www.w3.org\/2000\/svg\" width=\"32\" height=\"32\" viewBox=\"0 0 32 32\"><path d=\"M30 26.4V29c0 1.7-1.3 3-3 3H5c-1.7 0-3-1.3-3-3v-2.6c0-4.6 3.8-8.4 8.4-8.4h1c1.4 0.6 2.9 1 4.6 1s3.2-0.4 4.6-1h1C26.2 18 30 21.8 30 26.4zM8 8c0-4.4 3.6-8 8-8s8 3.6 8 8 -3.6 8-8 8S8 12.4 8 8z\"\/><\/svg>\n\t\t\t\t\t\tAmanda Soares\t\t<\/a>\n\t\t\t\t\t\t\t\t<\/li>\n\t\t\t\t\t\t\t\t\t\t\t\t\t\t\t\t<li class=\"ha-pg-date\">\n\t\t\t\t\t\t\t\t\t<a class=\"ha-pg-date-text\" href=\"https:\/\/agroznegocios.com.br\/index.php\/2025\/05\/08\/\">\n\t\t\t\t\t\t\t<svg xmlns=\"http:\/\/www.w3.org\/2000\/svg\" width=\"32\" height=\"32\" viewBox=\"0 0 32 32\"><path d=\"M32 16c0 8.8-7.2 16-16 16S0 24.8 0 16 7.2 0 16 0 32 7.2 32 16zM22.2 19.5c0-0.3-0.2-0.6-0.4-0.8L18.1 16V6.7c0-0.6-0.5-1-1-1H15c-0.6 0-1 0.5-1 1v10 0c0 0.7 0.4 1.6 1 2l4.3 3.2c0.2 0.1 0.4 0.2 0.6 0.2 0.3 0 0.6-0.2 0.8-0.4l1.3-1.6C22.1 20 22.2 19.7 22.2 19.5z\"\/><\/svg>\n\t\t\t\t\t\t08\/05\/2025\t\t<\/a>\n\t\t\t\t\t\t\t\t<\/li>\n\t\t\t\t\t\t\t\t\t\t\t\t\t\t<\/ul>\n\t\t\t<\/div>\n\t\t\n\t\t\t\t\t\t\t<div class=\"ha-pg-excerpt\">\n\t\t\t\t<p>A soja brasileira na China alcan\u00e7ou um novo patamar em abril de 2025, registrando um&hellip;<\/p>\t\t\t<\/div>\n\t\t\n\t\t\t\t<div class=\"ha-pg-readmore\"><a href=\"https:\/\/agroznegocios.com.br\/index.php\/2025\/05\/08\/aumento-de-32-da-soja-brasileira-exportada-para-a-china-no-mes-de-abril\/\" target=\"_blank\">Ver mais \u00bb<\/a><\/div>\t\t\t<\/div>\n\t\t<\/div>\n\t\n\t\t\t\t\t\n\t\t\t\t\t\t\t\t<div class=\"ha-pg-item\">\n\t\t\t\t\t\t\t<div class=\"ha-pg-thumb-area\">\n\t\t\t\t\t<a href=\"https:\/\/agroznegocios.com.br\/index.php\/2025\/04\/08\/ratificacao-de-titulos-de-imoveis-rurais-localizados-em-faixa-de-fronteira\/\" class=\"ha-pg-thumb\">\n\t\t\t\t\t\t<img loading=\"lazy\" decoding=\"async\" width=\"800\" height=\"450\" src=\"https:\/\/agroznegocios.com.br\/wp-content\/uploads\/2025\/04\/land-plot-with-nature-landscape-location-pin-1024x576.jpg\" class=\"attachment-large size-large wp-post-image\" alt=\"\" srcset=\"https:\/\/agroznegocios.com.br\/wp-content\/uploads\/2025\/04\/land-plot-with-nature-landscape-location-pin-1024x576.jpg 1024w, https:\/\/agroznegocios.com.br\/wp-content\/uploads\/2025\/04\/land-plot-with-nature-landscape-location-pin-300x169.jpg 300w, https:\/\/agroznegocios.com.br\/wp-content\/uploads\/2025\/04\/land-plot-with-nature-landscape-location-pin-768x432.jpg 768w, https:\/\/agroznegocios.com.br\/wp-content\/uploads\/2025\/04\/land-plot-with-nature-landscape-location-pin-1536x864.jpg 1536w, https:\/\/agroznegocios.com.br\/wp-content\/uploads\/2025\/04\/land-plot-with-nature-landscape-location-pin-2048x1152.jpg 2048w\" sizes=\"(max-width: 800px) 100vw, 800px\" \/>\t\t\t\t\t<\/a>\n\t\t\t\t\t\t\t\t<div class=\"ha-pg-badge\">\n\t\t\t\t<a href=\"https:\/\/agroznegocios.com.br\/index.php\/category\/blog\/\" class=\"ha-pg-badge-taxonomy\" rel=\"tag\">Blog<\/a>\t\t\t<\/div>\n\t\t\t\t\t\t<\/div>\n\t\t\t\t\t\t<div class=\"ha-pg-content-area\">\n\n\t\t\t\t<h4 class=\"ha-pg-title\"><a href=\"https:\/\/agroznegocios.com.br\/index.php\/2025\/04\/08\/ratificacao-de-titulos-de-imoveis-rurais-localizados-em-faixa-de-fronteira\/\">Ratifica\u00e7\u00e3o de t\u00edtulos de im\u00f3veis rurais localizados em faixa de fronteira<\/a><\/h4>\n\t\t\t\t\t\t\t<div class=\"ha-pg-meta-wrap\">\n\t\t\t\t<ul>\n\t\t\t\t\t\t\t\t\t\t\t<li class=\"ha-pg-author\">\n\t\t\t\t\t\t\t\t<a class=\"ha-pg-author-text\" href=\"https:\/\/agroznegocios.com.br\/index.php\/author\/amanda\/\">\n\t\t\t\t\t\t\t<svg xmlns=\"http:\/\/www.w3.org\/2000\/svg\" width=\"32\" height=\"32\" viewBox=\"0 0 32 32\"><path d=\"M30 26.4V29c0 1.7-1.3 3-3 3H5c-1.7 0-3-1.3-3-3v-2.6c0-4.6 3.8-8.4 8.4-8.4h1c1.4 0.6 2.9 1 4.6 1s3.2-0.4 4.6-1h1C26.2 18 30 21.8 30 26.4zM8 8c0-4.4 3.6-8 8-8s8 3.6 8 8 -3.6 8-8 8S8 12.4 8 8z\"\/><\/svg>\n\t\t\t\t\t\tAmanda Soares\t\t<\/a>\n\t\t\t\t\t\t\t\t<\/li>\n\t\t\t\t\t\t\t\t\t\t\t\t\t\t\t\t<li class=\"ha-pg-date\">\n\t\t\t\t\t\t\t\t\t<a class=\"ha-pg-date-text\" href=\"https:\/\/agroznegocios.com.br\/index.php\/2025\/04\/08\/\">\n\t\t\t\t\t\t\t<svg xmlns=\"http:\/\/www.w3.org\/2000\/svg\" width=\"32\" height=\"32\" viewBox=\"0 0 32 32\"><path d=\"M32 16c0 8.8-7.2 16-16 16S0 24.8 0 16 7.2 0 16 0 32 7.2 32 16zM22.2 19.5c0-0.3-0.2-0.6-0.4-0.8L18.1 16V6.7c0-0.6-0.5-1-1-1H15c-0.6 0-1 0.5-1 1v10 0c0 0.7 0.4 1.6 1 2l4.3 3.2c0.2 0.1 0.4 0.2 0.6 0.2 0.3 0 0.6-0.2 0.8-0.4l1.3-1.6C22.1 20 22.2 19.7 22.2 19.5z\"\/><\/svg>\n\t\t\t\t\t\t08\/04\/2025\t\t<\/a>\n\t\t\t\t\t\t\t\t<\/li>\n\t\t\t\t\t\t\t\t\t\t\t\t\t\t<\/ul>\n\t\t\t<\/div>\n\t\t\n\t\t\t\t\t\t\t<div class=\"ha-pg-excerpt\">\n\t\t\t\t<p>\u00a0A Lei Federal n\u00ba 13.178 de 2015 prev\u00ea que os propriet\u00e1rios de im\u00f3veis rurais situados&hellip;<\/p>\t\t\t<\/div>\n\t\t\n\t\t\t\t<div class=\"ha-pg-readmore\"><a href=\"https:\/\/agroznegocios.com.br\/index.php\/2025\/04\/08\/ratificacao-de-titulos-de-imoveis-rurais-localizados-em-faixa-de-fronteira\/\" target=\"_blank\">Ver mais \u00bb<\/a><\/div>\t\t\t<\/div>\n\t\t<\/div>\n\t\n\t\t\t\t\t\t\t\t\t\t\t\t\t\t\t<\/div>\n\t\t\t\t\t\t\t<nav class=\"ha-pg-pagination-wrap\" role=\"navigation\" aria-label=\"Pagination\">\n\t\t\t<span aria-current=\"page\" class=\"page-numbers current\"><span class=\"elementor-screen-only\">Page<\/span>1<\/span>\n<a class=\"page-numbers\" href=\"https:\/\/agroznegocios.com.br\/index.php\/wp-json\/wp\/v2\/pages\/728\/page\/2\/\"><span class=\"elementor-screen-only\">Page<\/span>2<\/a>\n<a class=\"page-numbers next\" href=\"https:\/\/agroznegocios.com.br\/index.php\/wp-json\/wp\/v2\/pages\/728\/page\/2\/\">Proximo &raquo;<\/a>\t\t<\/nav>\n\t\t\t\t\t\t<\/div>\n\t\t\t\t\t\t\t<\/div>\n\t\t\t\t<\/div>\n\t\t\t\t\t<\/div>\n\t\t\t\t<\/div>\n\t\t\t\t<\/div>\n\t\t","protected":false},"excerpt":{"rendered":"<p>Acompanhe nossos artigos Acreditamos que quanto mais compartilharmosnosso conhecimento, maior ser\u00e1 o nosso crescimento.<\/p>\n","protected":false},"author":1,"featured_media":0,"parent":0,"menu_order":0,"comment_status":"closed","ping_status":"closed","template":"","meta":{"footnotes":""},"class_list":["post-728","page","type-page","status-publish","hentry"],"yoast_head":"<!-- This site is optimized with the Yoast SEO Premium plugin v24.6 (Yoast SEO v24.6) - https:\/\/yoast.com\/wordpress\/plugins\/seo\/ -->\n<title>Conte\u00fado - AgroZ<\/title>\n<meta name=\"robots\" content=\"index, follow, max-snippet:-1, max-image-preview:large, max-video-preview:-1\" \/>\n<link rel=\"canonical\" href=\"https:\/\/agroznegocios.com.br\/index.php\/conteudo\/\" \/>\n<meta property=\"og:locale\" content=\"pt_BR\" \/>\n<meta property=\"og:type\" content=\"article\" \/>\n<meta property=\"og:title\" content=\"Conte\u00fado\" \/>\n<meta property=\"og:description\" content=\"Acompanhe nossos artigos Acreditamos que quanto mais compartilharmosnosso conhecimento, maior ser\u00e1 o nosso crescimento.\" \/>\n<meta property=\"og:url\" content=\"https:\/\/agroznegocios.com.br\/index.php\/conteudo\/\" \/>\n<meta property=\"og:site_name\" content=\"AgroZ\" \/>\n<meta property=\"article:modified_time\" content=\"2024-07-30T21:23:24+00:00\" \/>\n<meta property=\"og:image\" content=\"https:\/\/agroznegocios.com.br\/wp-content\/uploads\/2024\/07\/Blog-AgriQ_Agronegocio_Creditos-Shutterstock-1024x631.jpg\" \/>\n<meta name=\"twitter:card\" content=\"summary_large_image\" \/>\n<meta name=\"twitter:label1\" content=\"Est. tempo de leitura\" \/>\n\t<meta name=\"twitter:data1\" content=\"2 minutos\" \/>\n<script type=\"application\/ld+json\" class=\"yoast-schema-graph\">{\"@context\":\"https:\/\/schema.org\",\"@graph\":[{\"@type\":\"WebPage\",\"@id\":\"https:\/\/agroznegocios.com.br\/index.php\/conteudo\/\",\"url\":\"https:\/\/agroznegocios.com.br\/index.php\/conteudo\/\",\"name\":\"Conte\u00fado - AgroZ\",\"isPartOf\":{\"@id\":\"https:\/\/agroznegocios.com.br\/#website\"},\"primaryImageOfPage\":{\"@id\":\"https:\/\/agroznegocios.com.br\/index.php\/conteudo\/#primaryimage\"},\"image\":{\"@id\":\"https:\/\/agroznegocios.com.br\/index.php\/conteudo\/#primaryimage\"},\"thumbnailUrl\":\"https:\/\/agroznegocios.com.br\/wp-content\/uploads\/2024\/07\/Blog-AgriQ_Agronegocio_Creditos-Shutterstock-1024x631.jpg\",\"datePublished\":\"2024-07-30T18:38:27+00:00\",\"dateModified\":\"2024-07-30T21:23:24+00:00\",\"breadcrumb\":{\"@id\":\"https:\/\/agroznegocios.com.br\/index.php\/conteudo\/#breadcrumb\"},\"inLanguage\":\"pt-BR\",\"potentialAction\":[{\"@type\":\"ReadAction\",\"target\":[\"https:\/\/agroznegocios.com.br\/index.php\/conteudo\/\"]}]},{\"@type\":\"ImageObject\",\"inLanguage\":\"pt-BR\",\"@id\":\"https:\/\/agroznegocios.com.br\/index.php\/conteudo\/#primaryimage\",\"url\":\"https:\/\/agroznegocios.com.br\/wp-content\/uploads\/2024\/07\/Blog-AgriQ_Agronegocio_Creditos-Shutterstock.jpg\",\"contentUrl\":\"https:\/\/agroznegocios.com.br\/wp-content\/uploads\/2024\/07\/Blog-AgriQ_Agronegocio_Creditos-Shutterstock.jpg\",\"width\":1280,\"height\":789},{\"@type\":\"BreadcrumbList\",\"@id\":\"https:\/\/agroznegocios.com.br\/index.php\/conteudo\/#breadcrumb\",\"itemListElement\":[{\"@type\":\"ListItem\",\"position\":1,\"name\":\"Home\",\"item\":\"https:\/\/agroznegocios.com.br\/\"},{\"@type\":\"ListItem\",\"position\":2,\"name\":\"Conte\u00fado\"}]},{\"@type\":\"WebSite\",\"@id\":\"https:\/\/agroznegocios.com.br\/#website\",\"url\":\"https:\/\/agroznegocios.com.br\/\",\"name\":\"AgroZ\",\"description\":\"\",\"publisher\":{\"@id\":\"https:\/\/agroznegocios.com.br\/#organization\"},\"potentialAction\":[{\"@type\":\"SearchAction\",\"target\":{\"@type\":\"EntryPoint\",\"urlTemplate\":\"https:\/\/agroznegocios.com.br\/?s={search_term_string}\"},\"query-input\":{\"@type\":\"PropertyValueSpecification\",\"valueRequired\":true,\"valueName\":\"search_term_string\"}}],\"inLanguage\":\"pt-BR\"},{\"@type\":\"Organization\",\"@id\":\"https:\/\/agroznegocios.com.br\/#organization\",\"name\":\"AgroZ Neg\u00f3cios\",\"url\":\"https:\/\/agroznegocios.com.br\/\",\"logo\":{\"@type\":\"ImageObject\",\"inLanguage\":\"pt-BR\",\"@id\":\"https:\/\/agroznegocios.com.br\/#\/schema\/logo\/image\/\",\"url\":\"https:\/\/agroznegocios.com.br\/wp-content\/uploads\/2024\/03\/logAgroZ_Branca-1.png\",\"contentUrl\":\"https:\/\/agroznegocios.com.br\/wp-content\/uploads\/2024\/03\/logAgroZ_Branca-1.png\",\"width\":1600,\"height\":540,\"caption\":\"AgroZ Neg\u00f3cios\"},\"image\":{\"@id\":\"https:\/\/agroznegocios.com.br\/#\/schema\/logo\/image\/\"},\"sameAs\":[\"https:\/\/www.instagram.com\/agroznegocios\/\"]}]}<\/script>\n<!-- \/ Yoast SEO Premium plugin. -->","yoast_head_json":{"title":"Conte\u00fado - AgroZ","robots":{"index":"index","follow":"follow","max-snippet":"max-snippet:-1","max-image-preview":"max-image-preview:large","max-video-preview":"max-video-preview:-1"},"canonical":"https:\/\/agroznegocios.com.br\/index.php\/conteudo\/","og_locale":"pt_BR","og_type":"article","og_title":"Conte\u00fado","og_description":"Acompanhe nossos artigos Acreditamos que quanto mais compartilharmosnosso conhecimento, maior ser\u00e1 o nosso crescimento.","og_url":"https:\/\/agroznegocios.com.br\/index.php\/conteudo\/","og_site_name":"AgroZ","article_modified_time":"2024-07-30T21:23:24+00:00","og_image":[{"url":"https:\/\/agroznegocios.com.br\/wp-content\/uploads\/2024\/07\/Blog-AgriQ_Agronegocio_Creditos-Shutterstock-1024x631.jpg","type":"","width":"","height":""}],"twitter_card":"summary_large_image","twitter_misc":{"Est. tempo de leitura":"2 minutos"},"schema":{"@context":"https:\/\/schema.org","@graph":[{"@type":"WebPage","@id":"https:\/\/agroznegocios.com.br\/index.php\/conteudo\/","url":"https:\/\/agroznegocios.com.br\/index.php\/conteudo\/","name":"Conte\u00fado - AgroZ","isPartOf":{"@id":"https:\/\/agroznegocios.com.br\/#website"},"primaryImageOfPage":{"@id":"https:\/\/agroznegocios.com.br\/index.php\/conteudo\/#primaryimage"},"image":{"@id":"https:\/\/agroznegocios.com.br\/index.php\/conteudo\/#primaryimage"},"thumbnailUrl":"https:\/\/agroznegocios.com.br\/wp-content\/uploads\/2024\/07\/Blog-AgriQ_Agronegocio_Creditos-Shutterstock-1024x631.jpg","datePublished":"2024-07-30T18:38:27+00:00","dateModified":"2024-07-30T21:23:24+00:00","breadcrumb":{"@id":"https:\/\/agroznegocios.com.br\/index.php\/conteudo\/#breadcrumb"},"inLanguage":"pt-BR","potentialAction":[{"@type":"ReadAction","target":["https:\/\/agroznegocios.com.br\/index.php\/conteudo\/"]}]},{"@type":"ImageObject","inLanguage":"pt-BR","@id":"https:\/\/agroznegocios.com.br\/index.php\/conteudo\/#primaryimage","url":"https:\/\/agroznegocios.com.br\/wp-content\/uploads\/2024\/07\/Blog-AgriQ_Agronegocio_Creditos-Shutterstock.jpg","contentUrl":"https:\/\/agroznegocios.com.br\/wp-content\/uploads\/2024\/07\/Blog-AgriQ_Agronegocio_Creditos-Shutterstock.jpg","width":1280,"height":789},{"@type":"BreadcrumbList","@id":"https:\/\/agroznegocios.com.br\/index.php\/conteudo\/#breadcrumb","itemListElement":[{"@type":"ListItem","position":1,"name":"Home","item":"https:\/\/agroznegocios.com.br\/"},{"@type":"ListItem","position":2,"name":"Conte\u00fado"}]},{"@type":"WebSite","@id":"https:\/\/agroznegocios.com.br\/#website","url":"https:\/\/agroznegocios.com.br\/","name":"AgroZ","description":"","publisher":{"@id":"https:\/\/agroznegocios.com.br\/#organization"},"potentialAction":[{"@type":"SearchAction","target":{"@type":"EntryPoint","urlTemplate":"https:\/\/agroznegocios.com.br\/?s={search_term_string}"},"query-input":{"@type":"PropertyValueSpecification","valueRequired":true,"valueName":"search_term_string"}}],"inLanguage":"pt-BR"},{"@type":"Organization","@id":"https:\/\/agroznegocios.com.br\/#organization","name":"AgroZ Neg\u00f3cios","url":"https:\/\/agroznegocios.com.br\/","logo":{"@type":"ImageObject","inLanguage":"pt-BR","@id":"https:\/\/agroznegocios.com.br\/#\/schema\/logo\/image\/","url":"https:\/\/agroznegocios.com.br\/wp-content\/uploads\/2024\/03\/logAgroZ_Branca-1.png","contentUrl":"https:\/\/agroznegocios.com.br\/wp-content\/uploads\/2024\/03\/logAgroZ_Branca-1.png","width":1600,"height":540,"caption":"AgroZ Neg\u00f3cios"},"image":{"@id":"https:\/\/agroznegocios.com.br\/#\/schema\/logo\/image\/"},"sameAs":["https:\/\/www.instagram.com\/agroznegocios\/"]}]}},"_links":{"self":[{"href":"https:\/\/agroznegocios.com.br\/index.php\/wp-json\/wp\/v2\/pages\/728","targetHints":{"allow":["GET"]}}],"collection":[{"href":"https:\/\/agroznegocios.com.br\/index.php\/wp-json\/wp\/v2\/pages"}],"about":[{"href":"https:\/\/agroznegocios.com.br\/index.php\/wp-json\/wp\/v2\/types\/page"}],"author":[{"embeddable":true,"href":"https:\/\/agroznegocios.com.br\/index.php\/wp-json\/wp\/v2\/users\/1"}],"replies":[{"embeddable":true,"href":"https:\/\/agroznegocios.com.br\/index.php\/wp-json\/wp\/v2\/comments?post=728"}],"version-history":[{"count":49,"href":"https:\/\/agroznegocios.com.br\/index.php\/wp-json\/wp\/v2\/pages\/728\/revisions"}],"predecessor-version":[{"id":918,"href":"https:\/\/agroznegocios.com.br\/index.php\/wp-json\/wp\/v2\/pages\/728\/revisions\/918"}],"wp:attachment":[{"href":"https:\/\/agroznegocios.com.br\/index.php\/wp-json\/wp\/v2\/media?parent=728"}],"curies":[{"name":"wp","href":"https:\/\/api.w.org\/{rel}","templated":true}]}}